{"id":140,"date":"2021-02-22T08:49:40","date_gmt":"2021-02-22T07:49:40","guid":{"rendered":"https:\/\/neu.kt-automobile.com\/?page_id=140"},"modified":"2021-03-22T13:07:41","modified_gmt":"2021-03-22T12:07:41","slug":"bremse","status":"publish","type":"page","link":"https:\/\/www.kt-automobile.com\/?page_id=140","title":{"rendered":"Bremse"},"content":{"rendered":"<div id='full_slider_1' class='avia-fullwidth-slider main_color avia-shadow   avia-builder-el-0  el_before_av_section  avia-builder-el-first   container_wrap sidebar_right' style=' '  ><div  data-size='no scaling'  data-lightbox_size='large'  data-animation='slide'  data-conditional_play=''  data-ids='121'  data-video_counter='0'  data-autoplay='true'  data-bg_slider='false'  data-slide_height=''  data-handle='av_slideshow_full'  data-interval='5'  data-class=' '  data-css_id=''  data-scroll_down=''  data-control_layout='av-control-default'  data-custom_markup=''  data-perma_caption='aviaTBperma_caption'  data-autoplay_stopper=''  data-image_attachment=''  data-min_height='0px'  data-src=''  data-position='top left'  data-repeat='no-repeat'  data-attach='scroll'  data-stretch=''  class='avia-slideshow avia-slideshow-1  av-control-default av-default-height-applied avia-slideshow-no scaling av_slideshow_full   avia-slide-slider '  itemprop=\"image\" itemscope=\"itemscope\" itemtype=\"https:\/\/schema.org\/ImageObject\" ><ul class='avia-slideshow-inner ' style='padding-bottom: 66.6281755196%;' ><li  class=' av-single-slide slide-1 ' ><div data-rel='slideshow-1' class='avia-slide-wrap '   ><img src='https:\/\/www.kt-automobile.com\/wp-content\/uploads\/2020\/12\/AdobeStock_259013259_min.jpeg' width='1732' height='1154' title='AdobeStock_259013259_min' alt=''  itemprop=\"thumbnailUrl\"   \/><\/div><\/li><\/ul><div class = \"caption_fullwidth av-slideshow-caption caption_center caption_center_framed caption_framed\"><div class = \"container caption_container\"><div class = \"slideshow_caption\"><div class = \"slideshow_inner_caption\"><div class = \"slideshow_align_caption\"><h2  style='font-size:40px; color:#f60000; ' class='avia-caption-title  '  itemprop=\"name\" >KT AUTOMOBILE<\/h2><div class='avia-caption-content  av_inherit_color'  itemprop=\"description\"   style='font-size:30px; color:#f60000; '><p>BREMSEN SERVICE F\u00dcR ALLE MARKEN<\/p>\n<\/div><\/div><\/div><\/div><\/div><\/div><\/div><\/div>\n<div id='av_section_1' class='avia-section main_color avia-section-small avia-no-border-styling avia-bg-style-scroll  avia-builder-el-1  el_after_av_slideshow_full  el_before_av_section    av-minimum-height av-minimum-height-custom  container_wrap sidebar_right' style='background-color: #282828;  margin-top:-70px; margin-bottom:-70px; '  ><div class='container' style='height:200px'><div class='template-page content  av-content-small alpha units'><div class='post-entry post-entry-type-page post-entry-140'><div class='entry-content-wrapper clearfix'>\n<div style='height:100px' class='hr hr-invisible   avia-builder-el-2  el_before_av_textblock  avia-builder-el-first  '><span class='hr-inner ' ><span class='hr-inner-style'><\/span><\/span><\/div>\n<section class=\"av_textblock_section \"  itemscope=\"itemscope\" itemtype=\"https:\/\/schema.org\/CreativeWork\" ><div class='avia_textblock  av_inherit_color '  style='color:#f60000; '  itemprop=\"text\" ><h1 style=\"text-align: center;\">KT AUTOMOBILE<\/h1>\n<h1 style=\"text-align: center;\">IHRE FACHWERKSTATT F\u00dcR BREMSEN SERVICE AN ALLEN AUTOMARKEN<\/h1>\n<\/div><\/section>\n<div style='height:50px' class='hr hr-invisible   avia-builder-el-4  el_after_av_textblock  avia-builder-el-last  '><span class='hr-inner ' ><span class='hr-inner-style'><\/span><\/span><\/div>\n\n<\/div><\/div><\/div><!-- close content main div --><\/div><\/div><div id='av_section_2' class='avia-section main_color avia-section-default avia-no-border-styling avia-bg-style-scroll  avia-builder-el-5  el_after_av_section  el_before_av_section    container_wrap sidebar_right' style='background-color: #282828;  '  ><div class='container' ><div class='template-page content  av-content-small alpha units'><div class='post-entry post-entry-type-page post-entry-140'><div class='entry-content-wrapper clearfix'>\n<div class=\"flex_column av_two_third  flex_column_div av-zero-column-padding first  avia-builder-el-6  el_before_av_one_third  avia-builder-el-first  \" style='border-radius:0px; '><section class=\"av_textblock_section \"  itemscope=\"itemscope\" itemtype=\"https:\/\/schema.org\/CreativeWork\" ><div class='avia_textblock  av_inherit_color '  style='font-size:24px; color:#ffffff; '  itemprop=\"text\" ><h2>Funktionst\u00fcchtige Bremsen sind lebenswichtig<\/h2>\n<p>Das regelm\u00e4\u00dfige Wechseln der Bremsbel\u00e4ge und\/oder Bremsscheiben ist eine der wichtigsten Wartungsarbeiten an Ihrem Fahrzeug. Eine funktionierende Bremsanlage ist im Stra\u00dfenverkehr nicht nur f\u00fcr Ihre eigene Sicherheit relevant, sondern auch f\u00fcr die Sicherheit der anderen Verkehrsteilnehmer. Damit Sie Ihr Auto jederzeit zum Stehen bringen k\u00f6nnen und auch eine Vollbremsung nicht zum Problem wird, sollten man die Bremsbel\u00e4ge und Bremsscheiben regelm\u00e4\u00dfig pr\u00fcfen und bei Verschlei\u00dferscheinungen wechseln lassen.<\/p>\n<p>Wir bei KT Automobile verwenden ausschlie\u00dflich Bremsbel\u00e4ge und Bremsscheiben f\u00fchrender Marken wie z.B. Ate.\u00a0 Diese Bremsbel\u00e4ge \u00fcberzeugen mit herausragender Bremsleistung durch Herstellung ausschlie\u00dflich aus Original-Materialien nach den Spezifikationen der Automobilhersteller.<\/p>\n<\/div><\/section><br \/>\n<div style='height:25px' class='hr hr-invisible   avia-builder-el-8  el_after_av_textblock  el_before_av_button_big  avia-builder-el-last  '><span class='hr-inner ' ><span class='hr-inner-style'><\/span><\/span><\/div><br \/>\n<div class='avia-button-wrap avia-button-center  avia-builder-el-9  el_after_av_hr  avia-builder-el-last  '><a href='https:\/\/www.kt-automobile.com\/?page_id=73' class='avia-button avia-button-fullwidth   avia-icon_select-yes-left-icon avia-color-custom '  style='color:#ffffff; background-color:#f60000;  ' ><span class='avia_button_icon avia_button_icon_left ' aria-hidden='true' data-av_icon='\ue862' data-av_iconfont='entypo-fontello'><\/span><span class='avia_iconbox_title' >Jetzt Termin buchen<\/span><span class='avia_button_background avia-button avia-button-fullwidth avia-color-custom' style='background-color:#f60000; '><\/span><\/a><\/div><\/p><\/div><div class=\"flex_column av_one_third  flex_column_div av-zero-column-padding   avia-builder-el-10  el_after_av_two_third  el_before_av_hr  \" style='border-radius:0px; '><div class='avia-image-container  av-styling-    avia-builder-el-11  avia-builder-el-no-sibling   avia-align-center '  itemprop=\"image\" itemscope=\"itemscope\" itemtype=\"https:\/\/schema.org\/ImageObject\"  ><div class='avia-image-container-inner'><div class='avia-image-overlay-wrap'><img class='avia_image' src='https:\/\/www.kt-automobile.com\/wp-content\/uploads\/2020\/11\/Brake_dark-300x282.png' alt='' title='Brake_dark' height=\"282\" width=\"300\"  itemprop=\"thumbnailUrl\"  \/><\/div><\/div><\/div><\/div><div style='height:50px' class='hr hr-invisible   avia-builder-el-12  el_after_av_one_third  avia-builder-el-last  '><span class='hr-inner ' ><span class='hr-inner-style'><\/span><\/span><\/div>\n<\/div><\/div><\/div><!-- close content main div --><\/div><\/div><div id='av_section_3' class='avia-section main_color avia-section-default avia-no-border-styling avia-bg-style-scroll  avia-builder-el-13  el_after_av_section  el_before_av_section    container_wrap sidebar_right' style='background-color: #282828;  '  ><div class='container' ><div class='template-page content  av-content-small alpha units'><div class='post-entry post-entry-type-page post-entry-140'><div class='entry-content-wrapper clearfix'>\n<div class=\"flex_column av_one_third  flex_column_div av-zero-column-padding first  avia-builder-el-14  el_before_av_one_third  avia-builder-el-first  \" style='border-radius:0px; '><p><div class='avia-button-wrap avia-button-center  avia-builder-el-15  el_before_av_hr  avia-builder-el-first  '><a href='' class='avia-button avia-button-fullwidth   avia-icon_select-yes-left-icon avia-color-custom '  style='color:#ffffff; background-color:#f60000;  ' ><span class='avia_button_icon avia_button_icon_left ' aria-hidden='true' data-av_icon='\ue862' data-av_iconfont='entypo-fontello'><\/span><span class='avia_iconbox_title' >\u00d6FFNUNGSZEITEN<\/span><span class='avia_button_background avia-button avia-button-fullwidth avia-color-theme-color' ><\/span><\/a><\/div><br \/>\n<div style='height:20px' class='hr hr-invisible   avia-builder-el-16  el_after_av_button_big  el_before_av_textblock  avia-builder-el-first  '><span class='hr-inner ' ><span class='hr-inner-style'><\/span><\/span><\/div><br \/>\n<section class=\"av_textblock_section \"  itemscope=\"itemscope\" itemtype=\"https:\/\/schema.org\/CreativeWork\" ><div class='avia_textblock  av_inherit_color '  style='font-size:24px; color:#ffffff; '  itemprop=\"text\" ><p style=\"text-align: center;\">Mo-Fr: 8:00 bis 18:30 Uhr<\/p>\n<p style=\"text-align: center;\">Sa: 8:00 bis 13:00 Uhr<\/p>\n<p style=\"text-align: center;\"><strong>SERVICEANNAHME<\/strong><\/p>\n<p style=\"text-align: center;\">Mo-Fr: 8:00 bis 18:30 Uhr<\/p>\n<p style=\"text-align: center;\">Sa: 8:00 bis 13:00 Uhr<\/p>\n<\/div><\/section><\/p><\/div><div class=\"flex_column av_one_third  flex_column_div av-zero-column-padding   avia-builder-el-18  el_after_av_one_third  el_before_av_one_third  \" style='border-radius:0px; '><p><div class='avia-button-wrap avia-button-center  avia-builder-el-19  el_before_av_hr  avia-builder-el-first  '><a href='' class='avia-button avia-button-fullwidth   avia-icon_select-yes-left-icon avia-color-custom '  style='color:#ffffff; background-color:#f60000;  ' ><span class='avia_button_icon avia_button_icon_left ' aria-hidden='true' data-av_icon='\ue854' data-av_iconfont='entypo-fontello'><\/span><span class='avia_iconbox_title' >KONTAKT<\/span><span class='avia_button_background avia-button avia-button-fullwidth avia-color-theme-color' ><\/span><\/a><\/div><br \/>\n<div style='height:20px' class='hr hr-invisible   avia-builder-el-20  el_after_av_button_big  el_before_av_textblock  avia-builder-el-first  '><span class='hr-inner ' ><span class='hr-inner-style'><\/span><\/span><\/div><br \/>\n<section class=\"av_textblock_section \"  itemscope=\"itemscope\" itemtype=\"https:\/\/schema.org\/CreativeWork\" ><div class='avia_textblock  av_inherit_color '  style='font-size:24px; color:#ffffff; '  itemprop=\"text\" ><p style=\"text-align: center;\">Industriestra\u00dfe 32<\/p>\n<p style=\"text-align: center;\">53949 Schmidtheim<\/p>\n<p style=\"text-align: center;\">Tel: 0177 9154658<\/p>\n<p style=\"text-align: center;\">Mail: info@kt-automobile.com<\/p>\n<\/div><\/section><\/p><\/div><div class=\"flex_column av_one_third  flex_column_div av-zero-column-padding   avia-builder-el-22  el_after_av_one_third  avia-builder-el-last  \" style='border-radius:0px; '><p><div class='avia-button-wrap avia-button-center  avia-builder-el-23  el_before_av_hr  avia-builder-el-first  '><a href='' class='avia-button avia-button-fullwidth   avia-icon_select-yes-left-icon avia-color-custom '  style='color:#ffffff; background-color:#f60000;  ' ><span class='avia_button_icon avia_button_icon_left ' aria-hidden='true' data-av_icon='\ue82b' data-av_iconfont='entypo-fontello'><\/span><span class='avia_iconbox_title' >ANGEBOT DES MONATS<\/span><span class='avia_button_background avia-button avia-button-fullwidth avia-color-theme-color' ><\/span><\/a><\/div><br \/>\n<div style='height:20px' class='hr hr-invisible   avia-builder-el-24  el_after_av_button_big  el_before_av_textblock  avia-builder-el-first  '><span class='hr-inner ' ><span class='hr-inner-style'><\/span><\/span><\/div><br \/>\n<section class=\"av_textblock_section \"  itemscope=\"itemscope\" itemtype=\"https:\/\/schema.org\/CreativeWork\" ><div class='avia_textblock  av_inherit_color '  style='font-size:24px; color:#ffffff; '  itemprop=\"text\" ><p style=\"text-align: center;\"><strong>Fr\u00fchjahrs-Check &#8211; <\/strong><strong>F\u00fcr mehr Sicherheit\u00a0<\/strong><\/p>\n<div id=\"c3815\" class=\"csc-default\" style=\"text-align: center;\">\n<p class=\"bodytext\">Wir machen Ihr Auto Fit f\u00fcr den Sommer, damit Sie sicher durch die warme Jahreszeit kommen. Wir testen die <strong>Batterie<\/strong>, die wichtigsten <strong>Fl\u00fcssigkeiten<\/strong> (K\u00fchler- und Scheibenfrostschutz) und \u00fcberpr\u00fcfen die <strong>Bremsen<\/strong>.<\/p>\n<\/div>\n<\/div><\/section><\/p><\/div>\n<\/p>\n<\/div><\/div><\/div><!-- close content main div --><\/div><\/div><div id='av_section_4' class='avia-section main_color avia-section-default avia-no-border-styling avia-bg-style-scroll  avia-builder-el-26  el_after_av_section  avia-builder-el-last    container_wrap sidebar_right' style='background-color: #282828;  '  ><div class='container' ><div class='template-page content  av-content-small alpha units'><div class='post-entry post-entry-type-page post-entry-140'><div class='entry-content-wrapper clearfix'>\n<div class=\"flex_column av_one_third  flex_column_div av-zero-column-padding first  avia-builder-el-27  el_before_av_one_third  avia-builder-el-first  \" style='border-radius:0px; '><p><div class='avia-button-wrap avia-button-center  avia-builder-el-28  el_before_av_image  avia-builder-el-first  '><a href='' class='avia-button avia-button-fullwidth   avia-icon_select-no avia-color-custom '  style='color:#ffffff; background-color:#f60000;  ' ><span class='avia_iconbox_title' >KOMPETENZ<\/span><span class='avia_button_background avia-button avia-button-fullwidth avia-color-theme-color' ><\/span><\/a><\/div><br \/>\n<div class='avia-image-container  av-styling-    avia-builder-el-29  el_after_av_button_big  el_before_av_textblock  avia-builder-el-first   avia-align-center '  itemprop=\"image\" itemscope=\"itemscope\" itemtype=\"https:\/\/schema.org\/ImageObject\"  ><div class='avia-image-container-inner'><div class='avia-image-overlay-wrap'><img class='avia_image' src='https:\/\/www.kt-automobile.com\/wp-content\/uploads\/2020\/12\/AdobeStock_334900320_min-495x400.jpeg' alt='' title='AdobeStock_334900320_min' height=\"400\" width=\"495\"  itemprop=\"thumbnailUrl\"  \/><\/div><\/div><\/div><br \/>\n<section class=\"av_textblock_section \"  itemscope=\"itemscope\" itemtype=\"https:\/\/schema.org\/CreativeWork\" ><div class='avia_textblock  av_inherit_color '  style='font-size:24px; color:#ffffff; '  itemprop=\"text\" ><p style=\"text-align: center;\">Wir vermitteln unseren Kunden Kompetenz durch beste Arbeits- und Produktleistung rund ums Auto. Reparaturen werden bei uns mit Ersatzteilen in Erstausr\u00fcsterqualit\u00e4t durchgef\u00fchrt.<\/p>\n<\/div><\/section><\/p><\/div><div class=\"flex_column av_one_third  flex_column_div av-zero-column-padding   avia-builder-el-31  el_after_av_one_third  el_before_av_one_third  \" style='border-radius:0px; '><p><div class='avia-button-wrap avia-button-center  avia-builder-el-32  el_before_av_image  avia-builder-el-first  '><a href='' class='avia-button avia-button-fullwidth   avia-icon_select-no avia-color-custom '  style='color:#ffffff; background-color:#f60000;  ' ><span class='avia_iconbox_title' >PERS\u00d6NLICHKEIT<\/span><span class='avia_button_background avia-button avia-button-fullwidth avia-color-theme-color' ><\/span><\/a><\/div><br \/>\n<div class='avia-image-container  av-styling-    avia-builder-el-33  el_after_av_button_big  el_before_av_textblock  avia-builder-el-first   avia-align-center '  itemprop=\"image\" itemscope=\"itemscope\" itemtype=\"https:\/\/schema.org\/ImageObject\"  ><div class='avia-image-container-inner'><div class='avia-image-overlay-wrap'><img class='avia_image' src='https:\/\/www.kt-automobile.com\/wp-content\/uploads\/2020\/12\/AdobeStock_122505338_min-495x400.jpeg' alt='' title='AdobeStock_122505338_min' height=\"400\" width=\"495\"  itemprop=\"thumbnailUrl\"  \/><\/div><\/div><\/div><br \/>\n<section class=\"av_textblock_section \"  itemscope=\"itemscope\" itemtype=\"https:\/\/schema.org\/CreativeWork\" ><div class='avia_textblock  av_inherit_color '  style='font-size:24px; color:#ffffff; '  itemprop=\"text\" ><p style=\"text-align: center;\">Pers\u00f6nliche Beratung steht bei uns ganz oben. Wir gehen auf Ihre individuellen W\u00fcnsche ein. Schlie\u00dflich kennen wir Ihre Automarke und reparieren sie von Meisterhand nach Herstellervorgaben.<\/p>\n<\/div><\/section><\/p><\/div><div class=\"flex_column av_one_third  flex_column_div av-zero-column-padding   avia-builder-el-35  el_after_av_one_third  avia-builder-el-last  \" style='border-radius:0px; '><p><div class='avia-button-wrap avia-button-center  avia-builder-el-36  el_before_av_image  avia-builder-el-first  '><a href='' class='avia-button avia-button-fullwidth   avia-icon_select-no avia-color-custom '  style='color:#ffffff; background-color:#f60000;  ' ><span class='avia_iconbox_title' >VERTRAUEN<\/span><span class='avia_button_background avia-button avia-button-fullwidth avia-color-theme-color' ><\/span><\/a><\/div><br \/>\n<div class='avia-image-container  av-styling-    avia-builder-el-37  el_after_av_button_big  el_before_av_textblock  avia-builder-el-first   avia-align-center '  itemprop=\"image\" itemscope=\"itemscope\" itemtype=\"https:\/\/schema.org\/ImageObject\"  ><div class='avia-image-container-inner'><div class='avia-image-overlay-wrap'><img class='avia_image' src='https:\/\/www.kt-automobile.com\/wp-content\/uploads\/2020\/12\/AdobeStock_311331162_min-495x400.jpeg' alt='' title='AdobeStock_311331162_min' height=\"400\" width=\"495\"  itemprop=\"thumbnailUrl\"  \/><\/div><\/div><\/div><br \/>\n<section class=\"av_textblock_section \"  itemscope=\"itemscope\" itemtype=\"https:\/\/schema.org\/CreativeWork\" ><div class='avia_textblock  av_inherit_color '  style='font-size:24px; color:#ffffff; '  itemprop=\"text\" ><p>In unserer AUTOEXCELLENT Kfz-Werkstatt schreiben wir SERVICE ganz gro\u00df. Wir bieten Ihnen neben Reparatur und Lackierung sowie Inspektion, Hauptuntersuchung (mit integrierter AU)* und Reifen-Service.<\/p>\n<\/div><\/section><\/p><\/div>\n<\/div><\/div><\/div><!-- close content main div --><\/div><\/div><div id='after_section_4' class='main_color av_default_container_wrap container_wrap sidebar_right' style=' '  ><div class='container' ><div class='template-page content  av-content-small alpha units'><div class='post-entry post-entry-type-page post-entry-140'><div class='entry-content-wrapper clearfix'>\n","protected":false},"excerpt":{"rendered":"","protected":false},"author":1,"featured_media":0,"parent":0,"menu_order":0,"comment_status":"closed","ping_status":"closed","template":"","meta":{"footnotes":""},"class_list":["post-140","page","type-page","status-publish","hentry"],"aioseo_notices":[],"_links":{"self":[{"href":"https:\/\/www.kt-automobile.com\/index.php?rest_route=\/wp\/v2\/pages\/140"}],"collection":[{"href":"https:\/\/www.kt-automobile.com\/index.php?rest_route=\/wp\/v2\/pages"}],"about":[{"href":"https:\/\/www.kt-automobile.com\/index.php?rest_route=\/wp\/v2\/types\/page"}],"author":[{"embeddable":true,"href":"https:\/\/www.kt-automobile.com\/index.php?rest_route=\/wp\/v2\/users\/1"}],"replies":[{"embeddable":true,"href":"https:\/\/www.kt-automobile.com\/index.php?rest_route=%2Fwp%2Fv2%2Fcomments&post=140"}],"version-history":[{"count":5,"href":"https:\/\/www.kt-automobile.com\/index.php?rest_route=\/wp\/v2\/pages\/140\/revisions"}],"predecessor-version":[{"id":224,"href":"https:\/\/www.kt-automobile.com\/index.php?rest_route=\/wp\/v2\/pages\/140\/revisions\/224"}],"wp:attachment":[{"href":"https:\/\/www.kt-automobile.com\/index.php?rest_route=%2Fwp%2Fv2%2Fmedia&parent=140"}],"curies":[{"name":"wp","href":"https:\/\/api.w.org\/{rel}","templated":true}]}}